{"id":4867,"date":"2024-09-05T14:34:18","date_gmt":"2024-09-05T14:34:18","guid":{"rendered":"http:\/\/kusikawsay.org\/proyecto-agricola-andino-kusi-nan\/"},"modified":"2026-04-06T10:30:00","modified_gmt":"2026-04-06T10:30:00","slug":"proyecto-agricola-andino-kusi-nan","status":"publish","type":"page","link":"https:\/\/kusikawsay.org\/es\/proyecto-agricola-andino-kusi-nan\/","title":{"rendered":"Proyecto Agr\u00edcola Andino Kusi \u00d1an"},"content":{"rendered":"<section class=\"wpb-content-wrapper\"><p>[vc_row full_width=\u00bbstretch_row\u00bb full_height=\u00bbyes\u00bb columns_placement=\u00bbtop\u00bb parallax=\u00bbcontent-moving\u00bb css=\u00bb.vc_custom_1725583032471{background-image: url(http:\/\/kusikawsay.org\/wp-content\/uploads\/2024\/09\/kusi_nan.jpg?id=2928) !important;}\u00bb][vc_column width=\u00bb1\/2&#8243; css=\u00bb.vc_custom_1478075257916{padding-top: 0px !important;}\u00bb][\/vc_column][vc_column width=\u00bb1\/2&#8243; css=\u00bb.vc_custom_1726790643197{margin-top: 0px !important;padding-top: 0px !important;background-color: rgba(255,255,255,0.85) !important;*background-color: rgb(255,255,255) !important;}\u00bb][vc_single_image image=\u00bb5116&#8243; alignment=\u00bbcenter\u00bb css_animation=\u00bbslideInDown\u00bb][vc_custom_heading text=\u00bb<br \/>\n          <strong>PROYECTO AGR\u00cdCOLA ANDINO KUSI \u00d1AN<\/strong><br \/>\n        \u00bb font_container=\u00bbtag:h4|text_align:left\u00bb use_theme_fonts=\u00bbyes\u00bb css=\u00bb.vc_custom_1726790654856{padding-right: 25px !important;padding-left: 25px !important;}\u00bb][vc_separator color=\u00bbcustom\u00bb align=\u00bbalign_left\u00bb border_width=\u00bb3&#8243; el_width=\u00bb20&#8243; css=\u00bb.vc_custom_1725548615836{margin-bottom: 15px !important;padding-top: 15px !important;padding-bottom: 15px !important;}\u00bb accent_color=\u00bb#f8c014&#8243;][vc_column_text css=\u00bb.vc_custom_1726790663545{padding-right: 25px !important;padding-left: 25px !important;}\u00bb]<\/p>\n<h6 style=\"text-align: justify;\">Kusi \u00d1an es un proyecto de Chacra Org\u00e1nica creado por los egresados de la Escuela Andina Kusi Kawsay. Tras la educaci\u00f3n de Kusi Kawsay, los primeros graduados (2012) se sintieron motivados a revitalizar y recuperar su cultura contribuyendo a su comunidad como agentes de cambio. \u00a1Kusi \u00d1an sirve como modelo para la adaptaci\u00f3n y mitigaci\u00f3n del cambio clim\u00e1tico! Kusi \u00d1an brinda un espacio hermoso, saludable y seguro para realizar talleres de empoderamiento para ni\u00f1os, j\u00f3venes y comunidades.   <\/h6>\n<p>[\/vc_column_text][\/vc_column][\/vc_row][vc_row css=\u00bb.vc_custom_1725581860169{padding-top: 50px !important;}\u00bb el_id=\u00bbacerca_kusi_\u00f1an\u00bb][vc_column][vc_custom_heading text=\u00bbAcerca de Kusi \u00d1an\u00bb font_container=\u00bbtag:h3|text_align:center\u00bb use_theme_fonts=\u00bbyes\u00bb el_id=\u00bbabout_kusi_\u00f1an\u00bb][vc_column_text]<\/p>\n<blockquote>\n<h6 style=\"text-align: justify;\">\n              <strong>Kusi \u00d1an \u2013 Camino Alegre en lengua quechua- es nuestro proyecto de agricultura org\u00e1nica y permacultura que promueve la alimentaci\u00f3n saludable, la soberan\u00eda alimentaria y la recuperaci\u00f3n de sabidur\u00eda agr\u00edcola andina desde una perspectiva educativa, cultural y comunitaria.<\/strong><br \/>\n            <\/h6>\n<\/blockquote>\n<p>[\/vc_column_text][vc_column_text]<\/p>\n<h6 style=\"text-align: justify;\">Desde lo educativo, los estudiantes de Kusi Kawsay aprenden de manera vivencial las antiguas formas andinas de cultivar, pr\u00e1cticas de permacultura, as\u00ed como su contribuci\u00f3n a la adaptaci\u00f3n y mitigaci\u00f3n en el medio ambiente. A nivel cultural, sus egresados han encontrado inspiraci\u00f3n para fundar sus propios emprendimientos o continuar con sus estudios, sin necesidad de abandonar sus comunidades para buscar empleo. A nivel comunitario, los intercambios agr\u00edcolas han contribuido a compartir estrategias de adaptaci\u00f3n clim\u00e1tica basadas en conocimiento ancestral y generar redes de colaboraci\u00f3n sobre resiliencia comunitaria.  <\/h6>\n<h6><\/h6>\n<h6 style=\"text-align: justify;\">Hoy Kusi \u00d1an es una floreciente chacra org\u00e1nica que sirve tambi\u00e9n sus productos nutritivos a los lugare\u00f1os y restaurantes en Pisac, alrededor del Valle Sagrado y en Cusco.<\/h6>\n<p>[\/vc_column_text][vc_empty_space height=\u00bb50px\u00bb][\/vc_column][\/vc_row][vc_row equal_height=\u00bbyes\u00bb content_placement=\u00bbbottom\u00bb css=\u00bb.vc_custom_1725581886655{padding-top: 20px !important;padding-bottom: 50px !important;}\u00bb el_id=\u00bbmision_kusi_\u00f1an\u00bb][vc_column css=\u00bb.vc_custom_1725548739885{background-color: #009b7e !important;}\u00bb][vc_custom_heading text=\u00bbMisi\u00f3n\u00bb font_container=\u00bbtag:h4|text_align:left|color:%23ffffff\u00bb use_theme_fonts=\u00bbyes\u00bb css=\u00bb.vc_custom_1726790742964{padding-top: 0px !important;padding-right: 35px !important;padding-left: 35px !important;}\u00bb el_id=\u00bbmission_kusi_\u00f1an\u00bb][vc_separator color=\u00bbcustom\u00bb align=\u00bbalign_left\u00bb border_width=\u00bb3&#8243; el_width=\u00bb20&#8243; css=\u00bb.vc_custom_1725468196303{margin-bottom: 15px !important;padding-top: 15px !important;padding-bottom: 15px !important;}\u00bb accent_color=\u00bb#f8c014&#8243;][vc_column_text css=\u00bb.vc_custom_1726790768702{margin-bottom: 15px !important;padding-right: 35px !important;padding-left: 35px !important;}\u00bb]<\/p>\n<h6 style=\"text-align: justify;\">\n            <span style=\"color: #ffffff;\">La misi\u00f3n de Kusi \u00d1an es ser eficiente y apoyar la agricultura rural a trav\u00e9s de la sabidur\u00eda de nuestras pr\u00e1cticas ancestrales andinas, que contienen las soluciones para garantizar la seguridad alimentaria mundial, abordar el cambio clim\u00e1tico y garantizar la sostenibilidad para un futuro habitable.<\/span><br \/>\n          <\/h6>\n<p>[\/vc_column_text][\/vc_column][\/vc_row][vc_row equal_height=\u00bbyes\u00bb content_placement=\u00bbbottom\u00bb css=\u00bb.vc_custom_1775470584778{padding-top: 20px !important;padding-bottom: 50px !important;}\u00bb el_id=\u00bbqolqa-de-semillas\u00bb][vc_column css=\u00bb.vc_custom_1725548739885{background-color: #009b7e !important;}\u00bb][vc_custom_heading text=\u00bbLa Qolqa de Semillas: Memoria viva y futuro\u00bb font_container=\u00bbtag:h4|text_align:left|color:%23ffffff\u00bb use_theme_fonts=\u00bbyes\u00bb css=\u00bb.vc_custom_1775470533239{padding-top: 0px !important;padding-right: 35px !important;padding-left: 35px !important;}\u00bb][vc_separator color=\u00bbcustom\u00bb align=\u00bbalign_left\u00bb border_width=\u00bb3&#8243; el_width=\u00bb20&#8243; css=\u00bb.vc_custom_1725468196303{margin-bottom: 15px !important;padding-top: 15px !important;padding-bottom: 15px !important;}\u00bb accent_color=\u00bb#f8c014&#8243;][vc_column_text css=\u00bb.vc_custom_1775470512478{margin-bottom: 15px !important;padding-right: 35px !important;padding-left: 35px !important;}\u00bb]<\/p>\n<h6 style=\"text-align: justify;\">\n            <span style=\"color: #ffffff;\">Un componente central del proyecto es la Qolqa de Semillas, inspirada en los antiguos sistemas andinos de almacenamiento comunitario. La Qolqa funciona como un espacio de resguardo, intercambio y aprendizaje sobre semillas nativas y variedades locales. <\/span><br \/>\n          <\/h6>\n<p>[\/vc_column_text][\/vc_column][\/vc_row][vc_row equal_height=\u00bbyes\u00bb content_placement=\u00bbbottom\u00bb css=\u00bb.vc_custom_1725581903934{padding-top: 20px !important;padding-bottom: 50px !important;}\u00bb el_id=\u00bbla_tierra\u00bb][vc_column css=\u00bb.vc_custom_1725548739885{background-color: #009b7e !important;}\u00bb][vc_custom_heading text=\u00bbSobre la Tierra\u00bb font_container=\u00bbtag:h4|text_align:left|color:%23ffffff\u00bb use_theme_fonts=\u00bbyes\u00bb css=\u00bb.vc_custom_1726790775520{padding-top: 0px !important;padding-right: 35px !important;padding-left: 35px !important;}\u00bb][vc_separator color=\u00bbcustom\u00bb align=\u00bbalign_left\u00bb border_width=\u00bb3&#8243; el_width=\u00bb20&#8243; css=\u00bb.vc_custom_1725468196303{margin-bottom: 15px !important;padding-top: 15px !important;padding-bottom: 15px !important;}\u00bb accent_color=\u00bb#f8c014&#8243;][vc_column_text css=\u00bb.vc_custom_1726790791097{margin-bottom: 15px !important;padding-right: 35px !important;padding-left: 35px !important;}\u00bb]<\/p>\n<h6 style=\"text-align: justify;\">\n            <span style=\"color: #ffffff;\">La chacra org\u00e1nica Kusi \u00d1an arrend\u00f3 una hermosa parcela de tierra agr\u00edcola debajo de los terrenos de la escuela, y una vez que fue revitalizada con el sistema de riego instalado y el suelo regenerado org\u00e1nicamente, comenz\u00f3 la siembra. Utilizando el antiguo conocimiento andino de la agricultura y las semillas locales, los j\u00f3venes fueron capacitados y asesorados por agricultores de la comunidad, y finalmente se arraig\u00f3 el cultivo de alimentos org\u00e1nicos nutritivos. Se ense\u00f1\u00f3 permacultura, cultivando verduras org\u00e1nicas. Lamentablemente, a fines de 2018 no se renov\u00f3 el arrendamiento del terreno, por lo que el proyecto se traslad\u00f3 al terreno de la escuela y funciona a menor escala con la misma esencia de promover y ense\u00f1ar la agricultura org\u00e1nica donde se arraig\u00f3 el cultivo de alimentos org\u00e1nicos nutritivos.   <\/span><br \/>\n          <\/h6>\n<p>[\/vc_column_text][\/vc_column][\/vc_row][vc_row full_width=\u00bbstretch_row\u00bb css=\u00bb.vc_custom_1725581921701{padding-top: 50px !important;padding-bottom: 50px !important;background-color: #ffffff !important;}\u00bb el_id=\u00bbsocios\u00bb][vc_column][vc_text_separator title=\u00bbNuestros Asociados\u00bb color=\u00bbcustom\u00bb style=\u00bbshadow\u00bb border_width=\u00bb4&#8243; accent_color=\u00bb#009b7e\u00bb][vc_row_inner content_placement=\u00bbmiddle\u00bb css=\u00bb.vc_custom_1725541679369{padding-top: 50px !important;}\u00bb][vc_column_inner]\t\t\t<div class=\"wpb_content_element\">\n\t\t\t\t<div class=\"zass-iconbox\">\n\t\t\t\t\t<div class=\"icon_wrapper\">\n\t\t\t\t\t\t<span class=\"icon_inner\" style=\"background-color:#009b7e;\">\n\t\t\t\t\t\t\t\t\t\t\t\t\t\t\t<i class=\"fas fa-handshake\"><\/i>\n\t\t\t\t\t\t\t\t\t\t\t\t\t<\/span>\n\t\t\t\t\t<\/div>\n\t\t\t\t\t<div class=\"iconbox_content\">\n\t\t\t\t\t\t\t\t\t\t\t\t\t\t\t\t\t\t<div class=\"iconbox_text_content\">\n\t\t\t\t\t\t\t<\/p>\n<blockquote>\n<h6 style=\"text-align: justify;\">La puesta en marcha del proyecto agr\u00edcola fue posible gracias a las donaciones de individuos y su continuaci\u00f3n fue posible gracias al apoyo de EMpower y la Universidad Enactus Ryerson. Gracias a este valioso apoyo y tutor\u00eda se estableci\u00f3 Kusi \u00d1an, y estamos incre\u00edblemente entusiasmados con el crecimiento y el potencial para el futuro. <\/h6>\n<\/blockquote>\n<h6 style=\"text-align: justify;\">EMpower \/ The Emerging Markets Foundation es una organizaci\u00f3n filantr\u00f3pica global centrada en j\u00f3venes en riesgo en pa\u00edses de mercados emergentes. Con una comunidad mundial de seguidores, invierten estrat\u00e9gicamente en organizaciones locales vitales que trabajan para empoderar a los j\u00f3venes. <\/h6>\n<h6><\/h6>\n<h6 style=\"text-align: justify;\">Enactus significa: Emprendedor: tener la perspectiva para ver una oportunidad y el talento para crear valor a partir de esa oportunidad; ACCI\u00d3N: la voluntad de hacer algo y el compromiso de llevarlo a cabo incluso cuando el resultado no est\u00e1 garantizado; Estados Unidos: un grupo de personas que se ven conectadas de alguna manera importante; individuos que forman parte de un todo mayor.<\/h6>\n<p>\t\t\t\t\t\t<\/div>\n\t\t\t\t\t<\/div>\n\t\t\t\t<\/div>\n\t\t\t<\/div>\n\t\t\t[\/vc_column_inner][\/vc_row_inner][\/vc_column][\/vc_row][vc_row full_width=\u00bbstretch_row\u00bb css=\u00bb.vc_custom_1775470763661{padding-top: 50px !important;padding-bottom: 50px !important;background-color: #ffffff !important;}\u00bb el_id=\u00bbtalleres_actividades\u00bb][vc_column][vc_text_separator title=\u00bbTalleres y Actividades\u00bb color=\u00bbcustom\u00bb style=\u00bbshadow\u00bb border_width=\u00bb4&#8243; accent_color=\u00bb#009b7e\u00bb][vc_row_inner content_placement=\u00bbmiddle\u00bb css=\u00bb.vc_custom_1725541679369{padding-top: 50px !important;}\u00bb][vc_column_inner]\t\t\t<div class=\"wpb_content_element\">\n\t\t\t\t<div class=\"zass-iconbox\">\n\t\t\t\t\t<div class=\"icon_wrapper\">\n\t\t\t\t\t\t<span class=\"icon_inner\" style=\"background-color:#009b7e;\">\n\t\t\t\t\t\t\t\t\t\t\t\t\t\t\t<i class=\"fas fa-users\"><\/i>\n\t\t\t\t\t\t\t\t\t\t\t\t\t<\/span>\n\t\t\t\t\t<\/div>\n\t\t\t\t\t<div class=\"iconbox_content\">\n\t\t\t\t\t\t\t\t\t\t\t\t\t\t\t\t\t\t<div class=\"iconbox_text_content\">\n\t\t\t\t\t\t\t<\/p>\n<h6 style=\"text-align: justify;\">Kusi \u00d1an articula a docentes, familias, sabios locales y aliados institucionales en un trabajo colaborativo que fortalece la soberan\u00eda alimentaria desde la escuela hacia la comunidad. El proyecto integra educaci\u00f3n ambiental, enfoque intercultural y participaci\u00f3n activa, promoviendo pr\u00e1cticas sostenibles y conscientes. <\/h6>\n<h6 style=\"text-align: justify;\">Se celebran intercambios agr\u00edcolas de acuerdo a nuestro calendario andino, ferias gastron\u00f3micas, talleres de educaci\u00f3n ambiental y alimentaci\u00f3n saludable, eventos sobre cambio clim\u00e1tico entre otros.<\/h6>\n<p>\t\t\t\t\t\t<\/div>\n\t\t\t\t\t<\/div>\n\t\t\t\t<\/div>\n\t\t\t<\/div>\n\t\t\t[\/vc_column_inner][\/vc_row_inner][\/vc_column][\/vc_row]<\/p>\n<\/section>","protected":false},"excerpt":{"rendered":"<p>[vc_row full_width=\u00bbstretch_row\u00bb full_height=\u00bbyes\u00bb columns_placement=\u00bbtop\u00bb parallax=\u00bbcontent-moving\u00bb css=\u00bb.vc_custom_1725583032471{background-image: url(http:\/\/kusikawsay.org\/wp-content\/uploads\/2024\/09\/kusi_nan.jpg?id=2928) !important;}\u00bb][vc_column width=\u00bb1\/2&#8243; css=\u00bb.vc_custom_1478075257916{padding-top: 0px !important;}\u00bb][\/vc_column][vc_column width=\u00bb1\/2&#8243; css=\u00bb.vc_custom_1726790643197{margin-top: 0px !important;padding-top: 0px !important;background-color: rgba(255,255,255,0.85) !important;*background-color: rgb(255,255,255) !important;}\u00bb][vc_single_image image=\u00bb5116&#8243; alignment=\u00bbcenter\u00bb css_animation=\u00bbslideInDown\u00bb][vc_custom_heading text=\u00bb PROYECTO AGR\u00cdCOLA ANDINO KUSI \u00d1AN \u00bb font_container=\u00bbtag:h4|text_align:left\u00bb use_theme_fonts=\u00bbyes\u00bb css=\u00bb.vc_custom_1726790654856{padding-right: 25px !important;padding-left: 25px !important;}\u00bb][vc_separator color=\u00bbcustom\u00bb align=\u00bbalign_left\u00bb border_width=\u00bb3&#8243; el_width=\u00bb20&#8243; css=\u00bb.vc_custom_1725548615836{margin-bottom: 15px !important;padding-top: 15px !important;padding-bottom: 15px !important;}\u00bb accent_color=\u00bb#f8c014&#8243;][vc_column_text css=\u00bb.vc_custom_1726790663545{padding-right: 25px !important;padding-left: 25px &#8230;<a class=\"r_more_blog\" href=\"https:\/\/kusikawsay.org\/es\/proyecto-agricola-andino-kusi-nan\/#more-4867\"><i class=\"fa fa-sign-in\"><\/i> read more<\/a><\/p>\n","protected":false},"author":1,"featured_media":0,"parent":0,"menu_order":0,"comment_status":"closed","ping_status":"closed","template":"","meta":{"footnotes":""},"class_list":["post-4867","page","type-page","status-publish","hentry"],"_links":{"self":[{"href":"https:\/\/kusikawsay.org\/es\/wp-json\/wp\/v2\/pages\/4867","targetHints":{"allow":["GET"]}}],"collection":[{"href":"https:\/\/kusikawsay.org\/es\/wp-json\/wp\/v2\/pages"}],"about":[{"href":"https:\/\/kusikawsay.org\/es\/wp-json\/wp\/v2\/types\/page"}],"author":[{"embeddable":true,"href":"https:\/\/kusikawsay.org\/es\/wp-json\/wp\/v2\/users\/1"}],"replies":[{"embeddable":true,"href":"https:\/\/kusikawsay.org\/es\/wp-json\/wp\/v2\/comments?post=4867"}],"version-history":[{"count":18,"href":"https:\/\/kusikawsay.org\/es\/wp-json\/wp\/v2\/pages\/4867\/revisions"}],"predecessor-version":[{"id":6900,"href":"https:\/\/kusikawsay.org\/es\/wp-json\/wp\/v2\/pages\/4867\/revisions\/6900"}],"wp:attachment":[{"href":"https:\/\/kusikawsay.org\/es\/wp-json\/wp\/v2\/media?parent=4867"}],"curies":[{"name":"wp","href":"https:\/\/api.w.org\/{rel}","templated":true}]}}